{"id":6,"date":"2015-04-21T21:10:58","date_gmt":"2015-04-21T21:10:58","guid":{"rendered":"https:\/\/2015.lithuania.wordcamp.org\/speakers\/"},"modified":"2015-09-17T17:37:24","modified_gmt":"2015-09-17T14:37:24","slug":"pranesejai","status":"publish","type":"page","link":"https:\/\/lithuania.wordcamp.org\/2015\/pranesejai\/","title":{"rendered":"Prane\u0161\u0117jai"},"content":{"rendered":"<p>Susipa\u017einkite su WordCamp Lietuva 2015 prane\u0161\u0117jais!<\/p>\n\n\t<div class=\"wcorg-speakers\">\n\n\t\t\n\t\t\t<!-- Organizers note: The id attribute is deprecated and only remains for backwards compatibility, please use the corresponding class to target individual speakers -->\n\t\t\t<div id=\"wcorg-speaker-zbignev-gecis\" class=\"wcorg-speaker wcorg-speaker-zbignev-gecis\">\n\t\t\t\t<h2>\n\t\t\t\t\t\n\t\t\t\t\t\tZbignev Ge\u010dis\n\t\t\t\t\t\t\t\t\t<\/h2>\n\n\t\t\t\t<div class=\"wcorg-speaker-description\">\n\t\t\t\t\t<img alt='' src='https:\/\/secure.gravatar.com\/avatar\/?s=100&#038;r=g' srcset='https:\/\/secure.gravatar.com\/avatar\/?s=200&#038;r=g 2x' class='avatar avatar-100 photo avatar-default' height='100' width='100' \/>\t\t\t\t\t<p><img loading=\"lazy\" decoding=\"async\" class=\"alignleft size-full wp-image-626\" src=\"https:\/\/2015.lithuania.wordcamp.org\/files\/2015\/09\/gecis.jpg\" alt=\"gecis\" width=\"250\" height=\"359\" \/>Zbignev Ge\u010dis \u2013 UI\/UX dizaineris, IT \u012fmon\u0117s &#8220;Indigo kids&#8221; bendra-\u012fk\u016br\u0117jas. Dizaino srityje dirba vir\u0161 14 met\u0173. Konsultuoja klientus patogumo, verslo proceso optimizavimo, estetikos klausimais.<\/p>\n<p>Dirbo su tokiais preki\u0173 \u017eenklais kaip MTV, Swedbank, Ikea, SEB, Commercial Union, Tele2, Philip Morris, Nordea.<\/p>\n\t\t\t\t<\/div>\n\t\t\t<\/div>\n\n\t\t\n\t\t\t<!-- Organizers note: The id attribute is deprecated and only remains for backwards compatibility, please use the corresponding class to target individual speakers -->\n\t\t\t<div id=\"wcorg-speaker-milena-gecis\" class=\"wcorg-speaker wcorg-speaker-milena-gecis\">\n\t\t\t\t<h2>\n\t\t\t\t\t\n\t\t\t\t\t\tMilena Ge\u010dis\n\t\t\t\t\t\t\t\t\t<\/h2>\n\n\t\t\t\t<div class=\"wcorg-speaker-description\">\n\t\t\t\t\t<img alt='' src='https:\/\/secure.gravatar.com\/avatar\/?s=100&#038;r=g' srcset='https:\/\/secure.gravatar.com\/avatar\/?s=200&#038;r=g 2x' class='avatar avatar-100 photo avatar-default' height='100' width='100' \/>\t\t\t\t\t<p><img loading=\"lazy\" decoding=\"async\" class=\"alignleft size-full wp-image-631\" src=\"https:\/\/2015.lithuania.wordcamp.org\/files\/2015\/09\/DSC_345777.jpg\" alt=\"DSC_345777\" width=\"250\" height=\"333\" srcset=\"https:\/\/lithuania.wordcamp.org\/2015\/files\/2015\/09\/DSC_345777.jpg 480w, https:\/\/lithuania.wordcamp.org\/2015\/files\/2015\/09\/DSC_345777-225x300.jpg 225w\" sizes=\"auto, (max-width: 250px) 100vw, 250px\" \/>Milena Ge\u010dis yra profesionali teisinink\u0117, sugebanti efektyviai spr\u0119sti IT versle kylan\u010dias teisines problemas.<\/p>\n<p>Savo teisin\u0119 karjer\u0105 prad\u0117jo dirbdama \u017einomose advokat\u0173 kontorose ir konsultuodama klientus aktualiais civilin\u0117s, darbo, sutar\u010di\u0173 bei \u012fmoni\u0173 teis\u0117s klausimais.<\/p>\n\t\t\t\t<\/div>\n\t\t\t<\/div>\n\n\t\t\n\t\t\t<!-- Organizers note: The id attribute is deprecated and only remains for backwards compatibility, please use the corresponding class to target individual speakers -->\n\t\t\t<div id=\"wcorg-speaker-sarunas-toleikis\" class=\"wcorg-speaker wcorg-speaker-sarunas-toleikis\">\n\t\t\t\t<h2>\n\t\t\t\t\t\n\t\t\t\t\t\t\u0160ar\u016bnas Toleikis\n\t\t\t\t\t\t\t\t\t<\/h2>\n\n\t\t\t\t<div class=\"wcorg-speaker-description\">\n\t\t\t\t\t<img alt='' src='https:\/\/secure.gravatar.com\/avatar\/?s=100&#038;r=g' srcset='https:\/\/secure.gravatar.com\/avatar\/?s=200&#038;r=g 2x' class='avatar avatar-100 photo avatar-default' height='100' width='100' \/>\t\t\t\t\t<p><a href=\"https:\/\/2015.lithuania.wordcamp.org\/files\/2015\/08\/sarunas-toleikis.jpg\"><img loading=\"lazy\" decoding=\"async\" class=\"size-medium wp-image-577 alignleft\" src=\"https:\/\/2015.lithuania.wordcamp.org\/files\/2015\/08\/sarunas-toleikis-238x300.jpg\" alt=\"sarunas-toleikis\" width=\"238\" height=\"300\" srcset=\"https:\/\/lithuania.wordcamp.org\/2015\/files\/2015\/08\/sarunas-toleikis-238x300.jpg 238w, https:\/\/lithuania.wordcamp.org\/2015\/files\/2015\/08\/sarunas-toleikis-812x1024.jpg 812w, https:\/\/lithuania.wordcamp.org\/2015\/files\/2015\/08\/sarunas-toleikis.jpg 866w\" sizes=\"auto, (max-width: 238px) 100vw, 238px\" \/><\/a>\u0160ar\u016bnas Toleikis yra programin\u0117s \u012frangos architektas, turintis daugiau nei 14 met\u0173 patirt\u012f vystant informacines sistemas ir intelektinius produktus.<\/p>\n<p>Mokam\u0173 ir nemokam\u0173 WordPress \u012fskiepi\u0173 bei WordPress pagrindu veikian\u010di\u0173 interneto aplikacij\u0173 architektas, tarptautin\u0117s WordPress sprendimus teikian\u010dios komandos narys. Internete labiau \u017einomas pseudonimu Saru Tole.<\/p>\n<p>\u0160ar\u016bnas yra daugelio straipsni\u0173 apie programavim\u0105 autorius ir vadov\u0117lio &#8220;Kompiuterija&#8221; bendraautorius. Visada nusiteik\u0119s dalintis \u012f\u017evalgomis apie program\u0173 vystymo in\u017einerinius ir \u017emogi\u0161kuosius aspektus.<\/p>\n\t\t\t\t<\/div>\n\t\t\t<\/div>\n\n\t\t\n\t\t\t<!-- Organizers note: The id attribute is deprecated and only remains for backwards compatibility, please use the corresponding class to target individual speakers -->\n\t\t\t<div id=\"wcorg-speaker-vladas-sapranavicius\" class=\"wcorg-speaker wcorg-speaker-vladas-sapranavicius\">\n\t\t\t\t<h2>\n\t\t\t\t\t\n\t\t\t\t\t\tVladas Sapranavi\u010dius\n\t\t\t\t\t\t\t\t\t<\/h2>\n\n\t\t\t\t<div class=\"wcorg-speaker-description\">\n\t\t\t\t\t<img alt='' src='https:\/\/secure.gravatar.com\/avatar\/?s=100&#038;r=g' srcset='https:\/\/secure.gravatar.com\/avatar\/?s=200&#038;r=g 2x' class='avatar avatar-100 photo avatar-default' height='100' width='100' \/>\t\t\t\t\t<p><img loading=\"lazy\" decoding=\"async\" src=\"https:\/\/2015.lithuania.wordcamp.org\/files\/2015\/08\/DSCF1577-683x1024.jpg\" alt=\"DSCF1577\" width=\"220\" height=\"330\" class=\"alignleft size-large wp-image-544\" srcset=\"https:\/\/lithuania.wordcamp.org\/2015\/files\/2015\/08\/DSCF1577-683x1024.jpg 683w, https:\/\/lithuania.wordcamp.org\/2015\/files\/2015\/08\/DSCF1577-200x300.jpg 200w, https:\/\/lithuania.wordcamp.org\/2015\/files\/2015\/08\/DSCF1577.jpg 2016w\" sizes=\"auto, (max-width: 220px) 100vw, 220px\" \/>Vladas jau 15 met\u0173 darbuojasi interneto rinkodaros srityje. Patirt\u012f kaup\u0117 tiek dirbdamas kliento, tiek reklamdavio, tiek agent\u016bros pus\u0117je su Baltijos \u0161ali\u0173, Lenkijos, Rusijos, Vokietijos, Beneliukso ir JAV rinkomis. <\/p>\n<p>D\u0117st\u0117 Elektroninio verslo organizavim\u0105 ir valdym\u0105  Tarptautin\u0117je teis\u0117s ir verslo auk\u0161tojoje  mokykloje. Seminarus ir dirbtuves interneto  rinkodaros srityje ved\u0117 15-oje miest\u0173 Lietuvoje, Latvijoje ir Estijoje. Kasmet organizuoja tradicines elektronin\u0117s komercijos konferencijas &#8220;E-komercija&#8221;.<\/p>\n<p>\u0160iuo metu Vladas konsultuoja el. verslus interneto rinkodaros klausimais, rengia seminarus interneto rinkodaros temomis, veda kassavaitin\u0119 tiesiogin\u0119 laid\u0105 interneto rinkodaros ir el. verslo entuziastams interneto TV Webseminarai, d\u0117sto interneto rinkodar\u0105 Vilniaus universitete.<\/p>\n\t\t\t\t<\/div>\n\t\t\t<\/div>\n\n\t\t\n\t\t\t<!-- Organizers note: The id attribute is deprecated and only remains for backwards compatibility, please use the corresponding class to target individual speakers -->\n\t\t\t<div id=\"wcorg-speaker-rasa-urbanaviciute\" class=\"wcorg-speaker wcorg-speaker-rasa-urbanaviciute\">\n\t\t\t\t<h2>\n\t\t\t\t\t\n\t\t\t\t\t\tRasa Urbanavi\u010di\u016bt\u0117\n\t\t\t\t\t\t\t\t\t<\/h2>\n\n\t\t\t\t<div class=\"wcorg-speaker-description\">\n\t\t\t\t\t<img alt='' src='https:\/\/secure.gravatar.com\/avatar\/?s=100&#038;r=g' srcset='https:\/\/secure.gravatar.com\/avatar\/?s=200&#038;r=g 2x' class='avatar avatar-100 photo avatar-default' height='100' width='100' \/>\t\t\t\t\t<p><img loading=\"lazy\" decoding=\"async\" class=\"alignleft size-full wp-image-526\" src=\"https:\/\/2015.lithuania.wordcamp.org\/files\/2015\/08\/RasaUrbanaviciute.jpg\" alt=\"RasaUrbanaviciute\" width=\"265\" height=\"263\" srcset=\"https:\/\/lithuania.wordcamp.org\/2015\/files\/2015\/08\/RasaUrbanaviciute.jpg 265w, https:\/\/lithuania.wordcamp.org\/2015\/files\/2015\/08\/RasaUrbanaviciute-150x150.jpg 150w\" sizes=\"auto, (max-width: 265px) 100vw, 265px\" \/>Rasa &#8211; tinklara\u0161tinink\u0117 ir Agile metodologijos m\u0117g\u0117ja. Taip pat Rasa \u0161iuo metu dirba programuotoja tarptautin\u0117je komandoje, kurios dalis yra kitoje \u0161alyje.<\/p>\n<p>Bedirbdama\u00a0Rasa \u012fgijo did\u017eiul\u0119 patirt\u012f elektronini\u0173 \u012franki\u0173 naudojime, kurie yra nei\u0161vengiami\u00a0kasdieniniame komandos darbe, bei \u012fgalina j\u0105 dirbti kur kas produktyviau.<\/p>\n<p>Rasa jau prie\u0161 ketverius metus tur\u0117jo id\u0117j\u0105 suorganizuoti WordCamp Lietuvoje, nes tuo metu tiek draug\u0117ms, tiek draugams da\u017enai pad\u0117davo kurti tinklalapius su WordPress. T\u0105 syk\u012f id\u0117ja ir teliko tik id\u0117ja, ta\u010diau \u0161iemet, nors ir tiesiogiai nebedirba su WordPress, Rasa nusprend\u0117 prisid\u0117ti prie WordCamp Lietuva, ir pasidalinti savo sukaupta patirtimi tapdama viena i\u0161 konferencijos prane\u0161\u0117j\u0173.<\/p>\n\t\t\t\t<\/div>\n\t\t\t<\/div>\n\n\t\t\n\t\t\t<!-- Organizers note: The id attribute is deprecated and only remains for backwards compatibility, please use the corresponding class to target individual speakers -->\n\t\t\t<div id=\"wcorg-speaker-giedrius-luzinas\" class=\"wcorg-speaker wcorg-speaker-giedrius-luzinas wcorg-track-pagrindinis\">\n\t\t\t\t<h2>\n\t\t\t\t\t\n\t\t\t\t\t\tGiedrius Lu\u017einas\n\t\t\t\t\t\t\t\t\t<\/h2>\n\n\t\t\t\t<div class=\"wcorg-speaker-description\">\n\t\t\t\t\t<img alt='' src='https:\/\/secure.gravatar.com\/avatar\/?s=100&#038;r=g' srcset='https:\/\/secure.gravatar.com\/avatar\/?s=200&#038;r=g 2x' class='avatar avatar-100 photo avatar-default' height='100' width='100' \/>\t\t\t\t\t<p><img loading=\"lazy\" decoding=\"async\" class=\"size-medium wp-image-547 alignleft\" src=\"https:\/\/2015.lithuania.wordcamp.org\/files\/2015\/08\/giedrius-luzinas-300x300.jpg\" alt=\"giedrius-luzinas\" width=\"300\" height=\"300\" srcset=\"https:\/\/lithuania.wordcamp.org\/2015\/files\/2015\/08\/giedrius-luzinas-300x300.jpg 300w, https:\/\/lithuania.wordcamp.org\/2015\/files\/2015\/08\/giedrius-luzinas-150x150.jpg 150w, https:\/\/lithuania.wordcamp.org\/2015\/files\/2015\/08\/giedrius-luzinas.jpg 322w\" sizes=\"auto, (max-width: 300px) 100vw, 300px\" \/>Giedrius Lu\u017einas, konsultacin\u0117s \u012fmon\u0117s UAB \u201eMano konsultantas\u201c savininkas ir projekt\u0173 vystytojas. Prad\u0117jus karjer\u0105 nuo draudimo konsultanto, v\u0117liau karjera vyst\u0117si kaip pardavimo grup\u0117s vadovo, mokym\u0173 instruktoriaus, kol \u012fk\u016br\u0117 nuosav\u0105 agent\u016br\u0105.<\/p>\n<p>Giedrius nuolatos gilina \u017einias pardavim\u0173 srityje, veda seminarus apie tai kaip parduoti efektyviai, t.y. suteikti potencialiam klientui visas reikiamas priemones, kad jis apsipirkt\u0173, o ne kad jam prek\u0117 b\u016bt\u0173 \u012fki\u0161ta. Giedrius WordCamp konferencijoje siekia pasidalinti savo \u012f\u017evalgomis ir patirtimi apie tai, kaip parduoti klientui id\u0117j\u0105, o tada jis jau pats pirks j\u016bs\u0173 teikiamus sprendimus.<\/p>\n\t\t\t\t<\/div>\n\t\t\t<\/div>\n\n\t\t\n\t\t\t<!-- Organizers note: The id attribute is deprecated and only remains for backwards compatibility, please use the corresponding class to target individual speakers -->\n\t\t\t<div id=\"wcorg-speaker-ieva-ruskyte-jasinskiene\" class=\"wcorg-speaker wcorg-speaker-ieva-ruskyte-jasinskiene\">\n\t\t\t\t<h2>\n\t\t\t\t\t\n\t\t\t\t\t\tIeva Ru\u0161kyt\u0117-Jasinskien\u0117\n\t\t\t\t\t\t\t\t\t<\/h2>\n\n\t\t\t\t<div class=\"wcorg-speaker-description\">\n\t\t\t\t\t<img alt='' src='https:\/\/secure.gravatar.com\/avatar\/?s=100&#038;r=g' srcset='https:\/\/secure.gravatar.com\/avatar\/?s=200&#038;r=g 2x' class='avatar avatar-100 photo avatar-default' height='100' width='100' \/>\t\t\t\t\t<p><img loading=\"lazy\" decoding=\"async\" src=\"https:\/\/2015.lithuania.wordcamp.org\/files\/2015\/08\/foto-e1439829666835-300x217.jpg\" alt=\"foto\" width=\"300\" height=\"217\" class=\"alignleft size-medium wp-image-417\" srcset=\"https:\/\/lithuania.wordcamp.org\/2015\/files\/2015\/08\/foto-e1439829666835-300x217.jpg 300w, https:\/\/lithuania.wordcamp.org\/2015\/files\/2015\/08\/foto-e1439829666835-415x300.jpg 415w, https:\/\/lithuania.wordcamp.org\/2015\/files\/2015\/08\/foto-e1439829666835.jpg 896w\" sizes=\"auto, (max-width: 300px) 100vw, 300px\" \/>Jau daugiau nei 10 met\u0173 Ieva yra verslo analitik\u0117. <\/p>\n<p>Savo karjer\u0105 prad\u0117jo nuo darbo banke, specializavosi \u012fmoni\u0173 ir kredito analiz\u0117s srityje, v\u0117liau pasuko pardavim\u0173 analiz\u0117s kryptimi.<\/p>\n<p>\u0160iuo metu Ieva domisi web bei lojalumo analitika savo \u012fmon\u0117je DataMagic.<\/p>\n\t\t\t\t<\/div>\n\t\t\t<\/div>\n\n\t\t\n\t\t\t<!-- Organizers note: The id attribute is deprecated and only remains for backwards compatibility, please use the corresponding class to target individual speakers -->\n\t\t\t<div id=\"wcorg-speaker-arunas-liuiza\" class=\"wcorg-speaker wcorg-speaker-arunas-liuiza\">\n\t\t\t\t<h2>\n\t\t\t\t\t\n\t\t\t\t\t\tAr\u016bnas Liuiza\n\t\t\t\t\t\t\t\t\t<\/h2>\n\n\t\t\t\t<div class=\"wcorg-speaker-description\">\n\t\t\t\t\t<img alt='' src='https:\/\/secure.gravatar.com\/avatar\/?s=100&#038;r=g' srcset='https:\/\/secure.gravatar.com\/avatar\/?s=200&#038;r=g 2x' class='avatar avatar-100 photo avatar-default' height='100' width='100' \/>\t\t\t\t\t<p><img loading=\"lazy\" decoding=\"async\" class=\"alignleft size-full wp-image-414\" src=\"https:\/\/2015.lithuania.wordcamp.org\/files\/2015\/08\/1623710_10153769587280154_1299513629_n-e1439829064736.jpg\" alt=\"1623710_10153769587280154_1299513629_n\" width=\"340\" height=\"415\" srcset=\"https:\/\/lithuania.wordcamp.org\/2015\/files\/2015\/08\/1623710_10153769587280154_1299513629_n-e1439829064736.jpg 340w, https:\/\/lithuania.wordcamp.org\/2015\/files\/2015\/08\/1623710_10153769587280154_1299513629_n-e1439829064736-246x300.jpg 246w\" sizes=\"auto, (max-width: 340px) 100vw, 340px\" \/>Ar\u016bnas yra WordPress \u012fskiepi\u0173 k\u016br\u0117jas, su WordPress dirba nuo 2.6.3 versijos. Jis yra suk\u016br\u0119s 6 atvirus, vien\u0105 mokam\u0105 ir daugyb\u0119 specializuot\u0173 WordPress \u012fskiepi\u0173. Netrukus i\u0161leis knyg\u0105 apie WordPress \u012fskiepi\u0173 k\u016brim\u0105.<\/p>\n<p>Projekt\u0173 <a href=\"http:\/\/klausk.aruno.lt\/\">KlauskAruno<\/a> ir <a href=\"http:\/\/tribuna.lt\/\">Tribuna.lt<\/a> \u012fk\u016br\u0117jas, buvusio populiariaus IT naujien\u0173 portalo <a href=\"http:\/\/www.fwd.lt\/\">FWD.lt<\/a> komandos narys.<\/p>\n<p>Be programavimo, Ar\u016bnas domisi ir dalyvauja \u017eurnalistiniuose bei ekonomikos simuliacijos \u017eaidim\u0173 projektuose.<\/p>\n\t\t\t\t<\/div>\n\t\t\t<\/div>\n\n\t\t\n\t\t\t<!-- Organizers note: The id attribute is deprecated and only remains for backwards compatibility, please use the corresponding class to target individual speakers -->\n\t\t\t<div id=\"wcorg-speaker-audrius-grinys\" class=\"wcorg-speaker wcorg-speaker-audrius-grinys\">\n\t\t\t\t<h2>\n\t\t\t\t\t\n\t\t\t\t\t\tAudrius Grinys\n\t\t\t\t\t\t\t\t\t<\/h2>\n\n\t\t\t\t<div class=\"wcorg-speaker-description\">\n\t\t\t\t\t<img alt='' src='https:\/\/secure.gravatar.com\/avatar\/?s=100&#038;r=g' srcset='https:\/\/secure.gravatar.com\/avatar\/?s=200&#038;r=g 2x' class='avatar avatar-100 photo avatar-default' height='100' width='100' \/>\t\t\t\t\t<p><img loading=\"lazy\" decoding=\"async\" src=\"https:\/\/2015.lithuania.wordcamp.org\/files\/2015\/08\/604054_4999899917017_309102934_n-e1439828491333.jpg\" alt=\"604054_4999899917017_309102934_n\" width=\"367\" height=\"467\" class=\"alignleft size-full wp-image-409\" srcset=\"https:\/\/lithuania.wordcamp.org\/2015\/files\/2015\/08\/604054_4999899917017_309102934_n-e1439828491333.jpg 367w, https:\/\/lithuania.wordcamp.org\/2015\/files\/2015\/08\/604054_4999899917017_309102934_n-e1439828491333-236x300.jpg 236w\" sizes=\"auto, (max-width: 367px) 100vw, 367px\" \/>IT srityje Audrius dirba daugiau nei penkis metus. Per t\u0105 laik\u0105, jam teko dirbti projekt\u0173 vadovo, IT marketingisto ir IT vadovo pozicijose. <\/p>\n<p>\u0160iuo metu Audrius yra vykdomasis direktorius interneto \u017einiasklaidos \u012fmon\u0117je. Tod\u0117l pagrindin\u0117 jo u\u017eduotis &#8211; kiekvien\u0105 dien\u0105 b\u016bti jungiam\u0105ja grandimi tarp verslo ir IT komandos. Tod\u0117l bet kok\u012f projekt\u0105 jis mato pla\u010diai, suvokia j\u012f i\u0161 vis\u0173 pusi\u0173, atrasdamas ry\u0161ius tarp verslo proces\u0173 ir technini\u0173 sprendim\u0173 bei j\u0173 \u012fgyvendinimo. Audriaus darbo sritis taip pat skatina j\u012f nuolat bandyti naujus web ir mobilius sprendimus, tuo pa\u010diu visada juos jungiant \u012f vis\u0105 verslo visum\u0105. <\/p>\n<p>Audriaus \u017einios, patirtis ir \u012f\u017evalgos tikrai bus \u012fdomios IT srityje dirbantiems vadovams, vadybininkams, verslininkams ir marketingo specialistams.<\/p>\n\t\t\t\t<\/div>\n\t\t\t<\/div>\n\n\t\t\n\t<\/div>\n\n\t\n<hr \/>\n<p>&nbsp;<\/p>\n","protected":false},"excerpt":{"rendered":"<p>Susipa\u017einkite su WordCamp Lietuva 2015 prane\u0161\u0117jais! &nbsp;<\/p>\n","protected":false},"author":13984478,"featured_media":0,"parent":0,"menu_order":0,"comment_status":"open","ping_status":"closed","template":"","meta":{"_crdt_document":"","jetpack_post_was_ever_published":false,"footnotes":""},"class_list":["post-6","page","type-page","status-publish","hentry"],"jetpack_sharing_enabled":true,"_links":{"self":[{"href":"https:\/\/lithuania.wordcamp.org\/2015\/wp-json\/wp\/v2\/pages\/6","targetHints":{"allow":["GET"]}}],"collection":[{"href":"https:\/\/lithuania.wordcamp.org\/2015\/wp-json\/wp\/v2\/pages"}],"about":[{"href":"https:\/\/lithuania.wordcamp.org\/2015\/wp-json\/wp\/v2\/types\/page"}],"author":[{"embeddable":true,"href":"https:\/\/lithuania.wordcamp.org\/2015\/wp-json\/wp\/v2\/users\/13984478"}],"replies":[{"embeddable":true,"href":"https:\/\/lithuania.wordcamp.org\/2015\/wp-json\/wp\/v2\/comments?post=6"}],"version-history":[{"count":5,"href":"https:\/\/lithuania.wordcamp.org\/2015\/wp-json\/wp\/v2\/pages\/6\/revisions"}],"predecessor-version":[{"id":921,"href":"https:\/\/lithuania.wordcamp.org\/2015\/wp-json\/wp\/v2\/pages\/6\/revisions\/921"}],"wp:attachment":[{"href":"https:\/\/lithuania.wordcamp.org\/2015\/wp-json\/wp\/v2\/media?parent=6"}],"curies":[{"name":"wp","href":"https:\/\/api.w.org\/{rel}","templated":true}]}}